{"id":1278,"date":"2024-12-13T14:07:02","date_gmt":"2024-12-13T14:07:02","guid":{"rendered":"https:\/\/amical-buchenwald.org\/el-bosc-de-la-memoria-de-la-deportacio\/"},"modified":"2025-01-08T09:57:55","modified_gmt":"2025-01-08T09:57:55","slug":"el-bosque-de-la-memoria-de-la-deportacion","status":"publish","type":"page","link":"https:\/\/amical-buchenwald.org\/es\/activitats\/proyectos\/el-bosque-de-la-memoria-de-la-deportacion\/","title":{"rendered":"El bosque de la memoria de la deportaci\u00f3n"},"content":{"rendered":"<h1><strong>Introducci\u00f3n:<\/strong><\/h1>\n<p>En el curso 2021-2022, para conmemorar los 10 a\u00f1os del Proyecto Buchenwald y dar un paso importante en la difusi\u00f3n y conservaci\u00f3n de la memoria de la deportaci\u00f3n, se inici\u00f3 el proyecto del Bosque de la Memoria de la Deportaci\u00f3n, como un proyecto memorialista de \u00e1mbito comarcal. Un proyecto que conecta los objetivos del proyecto de salvaguardar la memoria de la deportaci\u00f3n republicana y luchar contra el fascismo, con los objetivos ambientales y de sostenibilidad, que todos juntos representan el esp\u00edritu del juramento de Buchenwald: construir un mundo mejor, justo, solidario y en paz. En este sentido, el \u00e1rbol y los \u00e1rboles representan perfectamente todo este simbolismo.<\/p>\n<p>El proyecto se lleva a cabo con el trabajo conjunto de la Asociaci\u00f3n Buchenwald, Garraf Coopera, Arba Litoral y la Asociaci\u00f3n Vecinal del Barrio del Tac\u00f3, con el apoyo del Ayuntamiento de Vilanova y la Geltr\u00fa, y con la colaboraci\u00f3n e implicaci\u00f3n de otras entidades, ADF Garraf, voluntarios y voluntarias del territorio, etc.<\/p>\n<h1><strong>Objetivos del proyecto:<\/strong><\/h1>\n<p>El proyecto contempla la creaci\u00f3n de un espacio memorialista dedicado a la memoria de los deportados del Garraf, que sirva para recordarlos, al mismo tiempo que recordar su mensaje y sus valores, especialmente necesarios en el momento actual. Un monumento vivo, memorialista y ambiental, con la plantaci\u00f3n de 134 \u00e1rboles y arbustos, de los cuales 35, en memoria de los deportados de la comarca, ser\u00e1n identificados, uno por cada deportado, con su nombre y biograf\u00eda.<\/p>\n<p>La idea inicial era plantar un bosque de hayas, en recuerdo y en sinton\u00eda con el nombre de Buchenwald (bosque de hayas), pero dada la situaci\u00f3n geogr\u00e1fica del Garraf y sus caracter\u00edsticas, la propuesta se ha adaptado a las especies m\u00e1s aut\u00f3ctonas y resistentes (robles, encinas, fresnos).<\/p>\n<p>En Buchenwald, el bosque natural est\u00e1 dominado por el haya (Fagus sylvatica). Sin embargo, este bioma de tipo eurosiberiano, el haya forestal, tiene una distribuci\u00f3n muy limitada en Catalu\u00f1a debido a sus altos requerimientos h\u00eddricos. Por lo tanto, no era posible realizar el Bosque de la Memoria con esta especie en las comarcas del Garraf y Pened\u00e8s, que est\u00e1n sometidas a sequ\u00edas estivales.<\/p>\n<p>Sin embargo, es muy factible emplear especies propias del bosque de ribera de tierra baja; esta comunidad vegetal vive en las llanuras sedimentarias del litoral y est\u00e1 formada por \u00e1rboles caducifolios. Es por ello que este es el \u00fanico h\u00e1bitat natural de la zona de Pened\u00e8s comparable a los bosques de haya del centro de Europa, tambi\u00e9n caducifolios.<\/p>\n<p>Para que esto fuera posible, era necesario que el terreno fuera suelo f\u00e9rtil depositado por alg\u00fan arroyo en una llanura sedimentaria. Casi todo el suelo de estas caracter\u00edsticas ya ha sido urbanizado o cultivado. As\u00ed que la creaci\u00f3n de un Bosque de la Memoria caducifolio contribuir\u00e1 a conservar y recuperar un bioma h\u00famedo amenazado que actualmente se considera de inter\u00e9s prioritario para la UE.<\/p>\n<p>Aparte de la adaptaci\u00f3n a la sequ\u00eda estival, otra diferencia fundamental entre los bosques de haya del centro de Europa y nuestros bosques de ribera o mediterr\u00e1neos es que aqu\u00ed los bosques contienen un nivel mucho m\u00e1s alto de diversidad flor\u00edstica. As\u00ed, el proyecto t\u00e9cnico de ARBA fomenta esta biodiversidad que caracteriza este ecosistema mediterr\u00e1neo y evita plantaciones mono-espec\u00edficas, que han demostrado tener poca resiliencia frente a plagas, enfermedades y cambios ambientales, y que acogen poca biodiversidad. Esta diversidad representa las diferentes creencias, ideas, sexualidades y formas de hacer y vivir de las personas a quienes dedicamos este bosque.<\/p>\n<p>El Bosque de la Memoria ser\u00e1 una comunidad vegetal biodiversa y resiliente, capaz de acoger m\u00e1s especies de fauna y, al mismo tiempo, de resistir mejor plagas o futuros problemas.<\/p>\n<p>El proyecto del Bosque de la Memoria se convertir\u00e1, por tanto, en un gran complemento a la presencia de la memoria de la deportaci\u00f3n en el espacio p\u00fablico, despu\u00e9s del monumento a los deportados en la Plaza de la Peixateria (Andreu Alfaro 2001), y de la colocaci\u00f3n de las Stolpersteine en Vilanova en mayo de 2021.<\/p>\n<h1><strong>Ubicaci\u00f3n:<\/strong><\/h1>\n<p>Para este proyecto se eligi\u00f3 un terreno con las siguientes caracter\u00edsticas: suelo f\u00e9rtil de la llanura sedimentaria del Torrent de la Piera (Vilanova i la Geltr\u00fa).<\/p>\n<p>Tras una b\u00fasqueda para encontrar el espacio m\u00e1s adecuado (que facilite la visita y el mantenimiento del bosque), con visi\u00f3n comarcal, y en coordinaci\u00f3n con los ayuntamientos, se eligi\u00f3, en acuerdo con el Ayuntamiento de Vilanova i la Geltr\u00fa, como el espacio m\u00e1s adecuado la parcela municipal situada detr\u00e1s del cementerio municipal y frente a la Rambla de los Pa\u00edses Catalanes. Un terreno lo suficientemente largo y amplio como para albergar un espacio arbolado que proporcione a la vez intimidad y solemnidad al Bosque de la Memoria. La proximidad de grandes equipamientos p\u00fablicos (cementerio, IES, campos municipales de deporte, Rambla, etc.) favorecer\u00e1 su conocimiento y visita.<\/p>\n<p>La parcela est\u00e1 clasificada en el POUM de Vilanova i la Geltr\u00fa como espacio de Sistema de espacios libres (zona verde, parques y jardines), con referencia catastral 3556702CF9635N0001ZI, por lo que urban\u00edsticamente es el espacio adecuado para ubicar la propuesta.<\/p>\n<h1><strong>Listado de los deportados del Garraf:<\/strong><\/h1>\n<p><em>Vilanova i la Geltr\u00fa (19):<\/em><br \/>\nEugeni Balduz Asensio, Joan Cerd\u00e0 Perayre, Ramon Cerd\u00e0 Perayre, Marcel\u00b7li Garriga Cristi\u00e0, Rafael Inglada Arnabat, Leandre Molin\u00e9 Batall\u00e9, Miquel Obiol Bayarri, Armand Pueyo, Joan Sagarra Mateu, Lloren\u00e7 Torn\u00e9 Nolla, Gerard Ill Vidal, Antonio S\u00e1nchez S\u00e1nchez, Francesc Barcel\u00f3, Ramon Bascu\u00f1ana, M\u00e0xim Flores, Camilo Maria Diaz, Francesc Tremps Estrada, Joan Ubeda, Francesc Vidal Casanellas<\/p>\n<p><em>Sitges (11):<\/em><br \/>\nJos\u00e9 Egea Pujante, Jos\u00e9 Egea Garc\u00eda, Tom\u00e1s Iglesias Iglesias, Sebasti\u00e1n Arn\u00e1n Domingo, Manuel Garc\u00eda Crespo, Jos\u00e9 L\u00f3pez Mart\u00ednez, Jaime S\u00e1nchez Gonz\u00e1lez, Manuel Calventos S\u00e1nchez, Joan Abella Bel, Jaume Dav\u00ed Luna, Enric Miralles Rod\u00e9s<\/p>\n<p><em>Cubelles (3):<\/em><br \/>\nJosep Agust\u00ed Bombu\u00ed, Luis Camacho Ferrer, Ram\u00f3n Busquets Gelabert<\/p>\n<p><em>Sant Pere de Ribes (2):<\/em><br \/>\nJoan Robert Alba, Josep Colom\u00e9 Pons<\/p>\n<p>Todos estos deportados tienen su historia y datos estudiados y definidos, y la informaci\u00f3n est\u00e1 dentro del marco del proyecto.<br \/>\nPuedes encontrar m\u00e1s informaci\u00f3n sobre los deportados en:<br \/>\n<a href=\"https:\/\/www.totselsnoms.org\/penedesencs-deportats-al-camps-nazis\/\" target=\"_new\" rel=\"noopener\">https:\/\/www.totselsnoms.org\/penedesencs-deportats-al-camps-nazis\/<\/a><br \/>\n<a href=\"https:\/\/www.vilanova.cat\/cultura\/deportacio_mh\" target=\"_new\" rel=\"noopener\">https:\/\/www.vilanova.cat\/cultura\/deportacio_mh<\/a><\/p>\n<h1><strong>Acciones realizadas:<\/strong><\/h1>\n<p>En los 3 a\u00f1os anteriores se han ejecutado ya las acciones:<\/p>\n<ul>\n<li>Plantaci\u00f3n de las especies arbustivas y de los \u00e1rboles de la memoria (que en algunos casos se ha tenido que sustituir debido, especialmente, al grave episodio de sequ\u00eda vivido).<\/li>\n<li>Limpieza y mantenimiento del espacio en general. Riego, aportaci\u00f3n de compost, etc. en diferentes jornadas de voluntariado.<\/li>\n<li>Colocaci\u00f3n de los paneles informativos con la informaci\u00f3n memorialista y ambiental, explicativa de lo que es y representa el Bosque de la Memoria.<\/li>\n<\/ul>\n<h1><strong>Propuesta de actividades 2024:<\/strong><\/h1>\n<p><strong>Actividad 1:<\/strong><br \/>\nColocaci\u00f3n de las placas individuales en cada \u00e1rbol, con la informaci\u00f3n del deportado correspondiente. Unas placas al pie de cada \u00e1rbol con el nombre del deportado y un QR que remita a su informaci\u00f3n en el sitio web correspondiente.<\/p>\n<p><strong>Actividad 2:<\/strong><br \/>\nConstrucci\u00f3n de un muro de piedra seca. Para delimitar la zona este del espacio, y conducir hacia la entrada. El muro de piedra seca tambi\u00e9n representa un elemento patrimonial, est\u00e9tico y de arraigo al territorio que ayudar\u00e1 a completar el proyecto.<\/p>\n","protected":false},"excerpt":{"rendered":"<p>Introducci\u00f3n: En el curso 2021-2022, para conmemorar los 10 a\u00f1os del Proyecto Buchenwald y dar un paso importante en la difusi\u00f3n y conservaci\u00f3n de la memoria de la deportaci\u00f3n, se inici\u00f3 el proyecto del Bosque de la Memoria de la Deportaci\u00f3n, como un proyecto memorialista de \u00e1mbito comarcal. Un proyecto que conecta los objetivos del [&hellip;]<\/p>\n","protected":false},"author":1,"featured_media":1055,"parent":1279,"menu_order":2,"comment_status":"closed","ping_status":"closed","template":"","meta":{"_acf_changed":false,"footnotes":""},"class_list":["post-1278","page","type-page","status-publish","has-post-thumbnail","hentry"],"acf":[],"yoast_head":"<!-- This site is optimized with the Yoast SEO plugin v26.6 - https:\/\/yoast.com\/wordpress\/plugins\/seo\/ -->\n<title>El bosque de la memoria de la deportaci\u00f3n - Amical de Buchenwald<\/title>\n<meta name=\"robots\" content=\"index, follow, max-snippet:-1, max-image-preview:large, max-video-preview:-1\" \/>\n<link rel=\"canonical\" href=\"https:\/\/amical-buchenwald.org\/es\/activitats\/proyectos\/el-bosque-de-la-memoria-de-la-deportacion\/\" \/>\n<meta property=\"og:locale\" content=\"es_ES\" \/>\n<meta property=\"og:type\" content=\"article\" \/>\n<meta property=\"og:title\" content=\"El bosque de la memoria de la deportaci\u00f3n - Amical de Buchenwald\" \/>\n<meta property=\"og:description\" content=\"Introducci\u00f3n: En el curso 2021-2022, para conmemorar los 10 a\u00f1os del Proyecto Buchenwald y dar un paso importante en la difusi\u00f3n y conservaci\u00f3n de la memoria de la deportaci\u00f3n, se inici\u00f3 el proyecto del Bosque de la Memoria de la Deportaci\u00f3n, como un proyecto memorialista de \u00e1mbito comarcal. Un proyecto que conecta los objetivos del [&hellip;]\" \/>\n<meta property=\"og:url\" content=\"https:\/\/amical-buchenwald.org\/es\/activitats\/proyectos\/el-bosque-de-la-memoria-de-la-deportacion\/\" \/>\n<meta property=\"og:site_name\" content=\"Amical de Buchenwald\" \/>\n<meta property=\"article:modified_time\" content=\"2025-01-08T09:57:55+00:00\" \/>\n<meta property=\"og:image\" content=\"https:\/\/amical-buchenwald.org\/wp-content\/uploads\/2024\/12\/Bosc-de-la-Memoria.jpg\" \/>\n\t<meta property=\"og:image:width\" content=\"1536\" \/>\n\t<meta property=\"og:image:height\" content=\"2048\" \/>\n\t<meta property=\"og:image:type\" content=\"image\/jpeg\" \/>\n<meta name=\"twitter:card\" content=\"summary_large_image\" \/>\n<meta name=\"twitter:label1\" content=\"Tiempo de lectura\" \/>\n\t<meta name=\"twitter:data1\" content=\"7 minutos\" \/>\n<script type=\"application\/ld+json\" class=\"yoast-schema-graph\">{\"@context\":\"https:\/\/schema.org\",\"@graph\":[{\"@type\":\"WebPage\",\"@id\":\"https:\/\/amical-buchenwald.org\/es\/activitats\/proyectos\/el-bosque-de-la-memoria-de-la-deportacion\/\",\"url\":\"https:\/\/amical-buchenwald.org\/es\/activitats\/proyectos\/el-bosque-de-la-memoria-de-la-deportacion\/\",\"name\":\"El bosque de la memoria de la deportaci\u00f3n - Amical de Buchenwald\",\"isPartOf\":{\"@id\":\"https:\/\/amical-buchenwald.org\/#website\"},\"primaryImageOfPage\":{\"@id\":\"https:\/\/amical-buchenwald.org\/es\/activitats\/proyectos\/el-bosque-de-la-memoria-de-la-deportacion\/#primaryimage\"},\"image\":{\"@id\":\"https:\/\/amical-buchenwald.org\/es\/activitats\/proyectos\/el-bosque-de-la-memoria-de-la-deportacion\/#primaryimage\"},\"thumbnailUrl\":\"https:\/\/amical-buchenwald.org\/wp-content\/uploads\/2024\/12\/Bosc-de-la-Memoria.jpg\",\"datePublished\":\"2024-12-13T14:07:02+00:00\",\"dateModified\":\"2025-01-08T09:57:55+00:00\",\"breadcrumb\":{\"@id\":\"https:\/\/amical-buchenwald.org\/es\/activitats\/proyectos\/el-bosque-de-la-memoria-de-la-deportacion\/#breadcrumb\"},\"inLanguage\":\"es\",\"potentialAction\":[{\"@type\":\"ReadAction\",\"target\":[\"https:\/\/amical-buchenwald.org\/es\/activitats\/proyectos\/el-bosque-de-la-memoria-de-la-deportacion\/\"]}]},{\"@type\":\"ImageObject\",\"inLanguage\":\"es\",\"@id\":\"https:\/\/amical-buchenwald.org\/es\/activitats\/proyectos\/el-bosque-de-la-memoria-de-la-deportacion\/#primaryimage\",\"url\":\"https:\/\/amical-buchenwald.org\/wp-content\/uploads\/2024\/12\/Bosc-de-la-Memoria.jpg\",\"contentUrl\":\"https:\/\/amical-buchenwald.org\/wp-content\/uploads\/2024\/12\/Bosc-de-la-Memoria.jpg\",\"width\":1536,\"height\":2048},{\"@type\":\"BreadcrumbList\",\"@id\":\"https:\/\/amical-buchenwald.org\/es\/activitats\/proyectos\/el-bosque-de-la-memoria-de-la-deportacion\/#breadcrumb\",\"itemListElement\":[{\"@type\":\"ListItem\",\"position\":1,\"name\":\"Inici\",\"item\":\"https:\/\/amical-buchenwald.org\/es\/\"},{\"@type\":\"ListItem\",\"position\":2,\"name\":\"Activitats\",\"item\":\"https:\/\/amical-buchenwald.org\/es\/activitats\/\"},{\"@type\":\"ListItem\",\"position\":3,\"name\":\"Proyectos\",\"item\":\"https:\/\/amical-buchenwald.org\/es\/activitats\/proyectos\/\"},{\"@type\":\"ListItem\",\"position\":4,\"name\":\"El bosque de la memoria de la deportaci\u00f3n\"}]},{\"@type\":\"WebSite\",\"@id\":\"https:\/\/amical-buchenwald.org\/#website\",\"url\":\"https:\/\/amical-buchenwald.org\/\",\"name\":\"Amical de Buchenwald\",\"description\":\"\",\"potentialAction\":[{\"@type\":\"SearchAction\",\"target\":{\"@type\":\"EntryPoint\",\"urlTemplate\":\"https:\/\/amical-buchenwald.org\/?s={search_term_string}\"},\"query-input\":{\"@type\":\"PropertyValueSpecification\",\"valueRequired\":true,\"valueName\":\"search_term_string\"}}],\"inLanguage\":\"es\"}]}<\/script>\n<!-- \/ Yoast SEO plugin. -->","yoast_head_json":{"title":"El bosque de la memoria de la deportaci\u00f3n - Amical de Buchenwald","robots":{"index":"index","follow":"follow","max-snippet":"max-snippet:-1","max-image-preview":"max-image-preview:large","max-video-preview":"max-video-preview:-1"},"canonical":"https:\/\/amical-buchenwald.org\/es\/activitats\/proyectos\/el-bosque-de-la-memoria-de-la-deportacion\/","og_locale":"es_ES","og_type":"article","og_title":"El bosque de la memoria de la deportaci\u00f3n - Amical de Buchenwald","og_description":"Introducci\u00f3n: En el curso 2021-2022, para conmemorar los 10 a\u00f1os del Proyecto Buchenwald y dar un paso importante en la difusi\u00f3n y conservaci\u00f3n de la memoria de la deportaci\u00f3n, se inici\u00f3 el proyecto del Bosque de la Memoria de la Deportaci\u00f3n, como un proyecto memorialista de \u00e1mbito comarcal. Un proyecto que conecta los objetivos del [&hellip;]","og_url":"https:\/\/amical-buchenwald.org\/es\/activitats\/proyectos\/el-bosque-de-la-memoria-de-la-deportacion\/","og_site_name":"Amical de Buchenwald","article_modified_time":"2025-01-08T09:57:55+00:00","og_image":[{"width":1536,"height":2048,"url":"https:\/\/amical-buchenwald.org\/wp-content\/uploads\/2024\/12\/Bosc-de-la-Memoria.jpg","type":"image\/jpeg"}],"twitter_card":"summary_large_image","twitter_misc":{"Tiempo de lectura":"7 minutos"},"schema":{"@context":"https:\/\/schema.org","@graph":[{"@type":"WebPage","@id":"https:\/\/amical-buchenwald.org\/es\/activitats\/proyectos\/el-bosque-de-la-memoria-de-la-deportacion\/","url":"https:\/\/amical-buchenwald.org\/es\/activitats\/proyectos\/el-bosque-de-la-memoria-de-la-deportacion\/","name":"El bosque de la memoria de la deportaci\u00f3n - Amical de Buchenwald","isPartOf":{"@id":"https:\/\/amical-buchenwald.org\/#website"},"primaryImageOfPage":{"@id":"https:\/\/amical-buchenwald.org\/es\/activitats\/proyectos\/el-bosque-de-la-memoria-de-la-deportacion\/#primaryimage"},"image":{"@id":"https:\/\/amical-buchenwald.org\/es\/activitats\/proyectos\/el-bosque-de-la-memoria-de-la-deportacion\/#primaryimage"},"thumbnailUrl":"https:\/\/amical-buchenwald.org\/wp-content\/uploads\/2024\/12\/Bosc-de-la-Memoria.jpg","datePublished":"2024-12-13T14:07:02+00:00","dateModified":"2025-01-08T09:57:55+00:00","breadcrumb":{"@id":"https:\/\/amical-buchenwald.org\/es\/activitats\/proyectos\/el-bosque-de-la-memoria-de-la-deportacion\/#breadcrumb"},"inLanguage":"es","potentialAction":[{"@type":"ReadAction","target":["https:\/\/amical-buchenwald.org\/es\/activitats\/proyectos\/el-bosque-de-la-memoria-de-la-deportacion\/"]}]},{"@type":"ImageObject","inLanguage":"es","@id":"https:\/\/amical-buchenwald.org\/es\/activitats\/proyectos\/el-bosque-de-la-memoria-de-la-deportacion\/#primaryimage","url":"https:\/\/amical-buchenwald.org\/wp-content\/uploads\/2024\/12\/Bosc-de-la-Memoria.jpg","contentUrl":"https:\/\/amical-buchenwald.org\/wp-content\/uploads\/2024\/12\/Bosc-de-la-Memoria.jpg","width":1536,"height":2048},{"@type":"BreadcrumbList","@id":"https:\/\/amical-buchenwald.org\/es\/activitats\/proyectos\/el-bosque-de-la-memoria-de-la-deportacion\/#breadcrumb","itemListElement":[{"@type":"ListItem","position":1,"name":"Inici","item":"https:\/\/amical-buchenwald.org\/es\/"},{"@type":"ListItem","position":2,"name":"Activitats","item":"https:\/\/amical-buchenwald.org\/es\/activitats\/"},{"@type":"ListItem","position":3,"name":"Proyectos","item":"https:\/\/amical-buchenwald.org\/es\/activitats\/proyectos\/"},{"@type":"ListItem","position":4,"name":"El bosque de la memoria de la deportaci\u00f3n"}]},{"@type":"WebSite","@id":"https:\/\/amical-buchenwald.org\/#website","url":"https:\/\/amical-buchenwald.org\/","name":"Amical de Buchenwald","description":"","potentialAction":[{"@type":"SearchAction","target":{"@type":"EntryPoint","urlTemplate":"https:\/\/amical-buchenwald.org\/?s={search_term_string}"},"query-input":{"@type":"PropertyValueSpecification","valueRequired":true,"valueName":"search_term_string"}}],"inLanguage":"es"}]}},"_links":{"self":[{"href":"https:\/\/amical-buchenwald.org\/es\/wp-json\/wp\/v2\/pages\/1278","targetHints":{"allow":["GET"]}}],"collection":[{"href":"https:\/\/amical-buchenwald.org\/es\/wp-json\/wp\/v2\/pages"}],"about":[{"href":"https:\/\/amical-buchenwald.org\/es\/wp-json\/wp\/v2\/types\/page"}],"author":[{"embeddable":true,"href":"https:\/\/amical-buchenwald.org\/es\/wp-json\/wp\/v2\/users\/1"}],"replies":[{"embeddable":true,"href":"https:\/\/amical-buchenwald.org\/es\/wp-json\/wp\/v2\/comments?post=1278"}],"version-history":[{"count":2,"href":"https:\/\/amical-buchenwald.org\/es\/wp-json\/wp\/v2\/pages\/1278\/revisions"}],"predecessor-version":[{"id":1344,"href":"https:\/\/amical-buchenwald.org\/es\/wp-json\/wp\/v2\/pages\/1278\/revisions\/1344"}],"up":[{"embeddable":true,"href":"https:\/\/amical-buchenwald.org\/es\/wp-json\/wp\/v2\/pages\/1279"}],"wp:featuredmedia":[{"embeddable":true,"href":"https:\/\/amical-buchenwald.org\/es\/wp-json\/wp\/v2\/media\/1055"}],"wp:attachment":[{"href":"https:\/\/amical-buchenwald.org\/es\/wp-json\/wp\/v2\/media?parent=1278"}],"curies":[{"name":"wp","href":"https:\/\/api.w.org\/{rel}","templated":true}]}}